{"id":6059,"date":"2024-02-16T03:33:15","date_gmt":"2024-02-16T00:33:15","guid":{"rendered":"https:\/\/atamder.org\/?page_id=6059"},"modified":"2024-02-16T03:39:44","modified_gmt":"2024-02-16T00:39:44","slug":"turk-devletlerinde-etnopedagojik-egitim-sistemi-turkdes","status":"publish","type":"page","link":"https:\/\/atamder.org\/index.php\/turk-devletlerinde-etnopedagojik-egitim-sistemi-turkdes\/","title":{"rendered":"T\u00dcRK DEVLETLER\u0130NDE ETNOPEDAGOJ\u0130K E\u011e\u0130T\u0130M S\u0130STEM\u0130 \u201d T\u00dcRKDES \u201c"},"content":{"rendered":"\n<p>&#8220;T\u00dcRKDES&#8221;; E\u011e\u0130T\u0130M S\u0130STEM\u0130N\u0130, AHLAK\u0130, ENTELEKT\u00dcEL VE TEKN\u0130K OLARAK KONUMLANDIRARAK, HEM B\u0130R TOPLUMUN TAR\u0130H\u0130N DER\u0130NL\u0130KLER\u0130NDEN GEL\u0130\u015eT\u0130REREK TA\u015eIDI\u011eI \u00c7OCUK YET\u0130\u015eT\u0130RMEDE KULLANDI\u011eI B\u0130LG\u0130LER, HEM DE A\u0130LE \u0130\u00c7\u0130NDE \u00c7OCU\u011eA AKTARILAN E\u011e\u0130T\u0130M \u0130\u00c7ER\u0130\u011e\u0130 VE \u00d6\u011eRET\u0130M Y\u00d6NTEMLER\u0130N\u0130N NE OLDU\u011eUNUN ARA\u015eTIRILDI\u011eI E\u011e\u0130T\u0130M B\u0130L\u0130M\u0130N\u0130N DALLARINDAN B\u0130R\u0130 OLARAK HAZIRLANAN ORTAK B\u0130R E\u011e\u0130T\u0130M PRO\u011eRAMI VE M\u00dcFREDATLARIN OLU\u015eTURULMASI \u0130\u00c7\u0130N VE ORTAK E\u011e\u0130T\u0130M MODEL\u0130N\u0130N ULUSLARARASI D\u00dcZEYDE TANINMASI \u0130\u00c7\u0130N HAZIRLANMI\u015e BECER\u0130 VE YETK\u0130NL\u0130K TEMELL\u0130 B\u0130R E\u011e\u0130T\u0130M PROGRAMIDIR. HER BRAN\u015eTAK\u0130 E\u011e\u0130T\u0130M ALANLARINDA; YURT \u0130\u00c7\u0130 VE YURT DI\u015eINDA FAAL\u0130YET G\u00d6STEREN KURUM VE KURULU\u015eLARLA MESLEK\u0130 VE AKADEM\u0130K \u0130\u015eB\u0130RL\u0130\u011e\u0130 YAPMAK, KOORD\u0130NASYON SA\u011eLAMAK AMA\u00c7LANMAKTADIR.<\/p>\n\n\n\n<p><\/p>\n\n\n\n<h6 class=\"wp-block-heading has-text-align-right\"><a href=\"https:\/\/atamder.org\/index.php\/projeler-2\/\">\u00d6NCEK\u0130 SAYFA<\/a><\/h6>\n","protected":false},"excerpt":{"rendered":"<p>&#8220;T\u00dcRKDES&#8221;; E\u011e\u0130T\u0130M S\u0130STEM\u0130N\u0130, AHLAK\u0130, ENTELEKT\u00dcEL VE TEKN\u0130K OLARAK KONUMLANDIRARAK, HEM B\u0130R TOPLUMUN TAR\u0130H\u0130N DER\u0130NL\u0130KLER\u0130NDEN GEL\u0130\u015eT\u0130REREK TA\u015eIDI\u011eI \u00c7OCUK YET\u0130\u015eT\u0130RMEDE KULLANDI\u011eI B\u0130LG\u0130LER, HEM DE A\u0130LE \u0130\u00c7\u0130NDE \u00c7OCU\u011eA AKTARILAN E\u011e\u0130T\u0130M \u0130\u00c7ER\u0130\u011e\u0130 VE \u00d6\u011eRET\u0130M&hellip;<\/p>\n","protected":false},"author":1,"featured_media":0,"parent":0,"menu_order":0,"comment_status":"closed","ping_status":"closed","template":"","meta":{"footnotes":""},"_links":{"self":[{"href":"https:\/\/atamder.org\/index.php\/wp-json\/wp\/v2\/pages\/6059"}],"collection":[{"href":"https:\/\/atamder.org\/index.php\/wp-json\/wp\/v2\/pages"}],"about":[{"href":"https:\/\/atamder.org\/index.php\/wp-json\/wp\/v2\/types\/page"}],"author":[{"embeddable":true,"href":"https:\/\/atamder.org\/index.php\/wp-json\/wp\/v2\/users\/1"}],"replies":[{"embeddable":true,"href":"https:\/\/atamder.org\/index.php\/wp-json\/wp\/v2\/comments?post=6059"}],"version-history":[{"count":2,"href":"https:\/\/atamder.org\/index.php\/wp-json\/wp\/v2\/pages\/6059\/revisions"}],"predecessor-version":[{"id":6063,"href":"https:\/\/atamder.org\/index.php\/wp-json\/wp\/v2\/pages\/6059\/revisions\/6063"}],"wp:attachment":[{"href":"https:\/\/atamder.org\/index.php\/wp-json\/wp\/v2\/media?parent=6059"}],"curies":[{"name":"wp","href":"https:\/\/api.w.org\/{rel}","templated":true}]}}