{"id":3025,"date":"2020-09-08T05:22:40","date_gmt":"2020-09-08T02:22:40","guid":{"rendered":"http:\/\/atamder.org\/?page_id=3025"},"modified":"2020-09-30T23:05:29","modified_gmt":"2020-09-30T20:05:29","slug":"ataturkun-bursa-nutku","status":"publish","type":"page","link":"https:\/\/atamder.org\/index.php\/ataturkun-bursa-nutku\/","title":{"rendered":"ATAT\u00dcRK&#8217;\u00dcN BURSA NUTKU"},"content":{"rendered":"\n<h5 class=\"wp-block-heading\">Atat\u00fcrk&#8217;\u00fcn Bursa Nutku<\/h5>\n\n\n\n<figure class=\"wp-block-image is-resized\"><a href=\"https:\/\/2.bp.blogspot.com\/-XvhEI80XOkk\/Vz2ziMCDjnI\/AAAAAAAAAxw\/nuvIgbR9fKUDv-pdWrm9gaOx1n94GcRMQCLcB\/s1600\/Ataturk-bursa-nutku-2.jpg\"><img loading=\"lazy\" decoding=\"async\" src=\"https:\/\/2.bp.blogspot.com\/-XvhEI80XOkk\/Vz2ziMCDjnI\/AAAAAAAAAxw\/nuvIgbR9fKUDv-pdWrm9gaOx1n94GcRMQCLcB\/s640\/Ataturk-bursa-nutku-2.jpg\" alt=\"\" width=\"1135\" height=\"620\"\/><\/a><\/figure>\n\n\n\n<p>T\u00fcrk Genci,devrimlerin ve cumhuriyetin sahibi ve bek\u00e7isidir. Bunlar\u0131n gere\u011fine, do\u011frulu\u011funa herkesten \u00e7ok inanm\u0131\u015ft\u0131r. Y\u00f6netim bi\u00e7imini ve devrimleri benimsemi\u015ftir. Bunlar\u0131 g\u00fc\u00e7s\u00fcz d\u00fc\u015f\u00fcrecek en k\u00fc\u00e7\u00fck ya da en b\u00fcy\u00fck bir k\u0131p\u0131rt\u0131 ve bir davran\u0131\u015f duydu mu, \u201cBu \u00fclkenin polisi vard\u0131r, jandarmas\u0131 vard\u0131r, ordusu vard\u0131r, adalet \u00f6rg\u00fct\u00fc vard\u0131r\u201d demeyecektir. Elle, ta\u015fla, sopa ve silahla; nesi varsa onunla kendi yap\u0131t\u0131n\u0131 koruyacakt\u0131r.<br>Polis gelecek, as\u0131l su\u00e7lular\u0131 b\u0131rak\u0131p, su\u00e7lu diye onu yakalayacakt\u0131r. Gen\u00e7, \u201cPolis hen\u00fcz devrim ve cumhuriyetin polisi de\u011fildir\u201d diye d\u00fc\u015f\u00fcnecek, ama hi\u00e7 bir zaman yalvarmayacakt\u0131r. Mahkeme onu yarg\u0131layacakt\u0131r. Yine d\u00fc\u015f\u00fcnecek, \u201cdemek adalet \u00f6rg\u00fct\u00fcn\u00fc de d\u00fczeltmek, y\u00f6netim bi\u00e7imine g\u00f6re d\u00fczenlemek gerek\u201d<br>Onu hapse atacaklar. Yasal yollarla kar\u015f\u0131 \u00e7\u0131k\u0131\u015flarda bulunmakla birlikte bana, ba\u015fbakana ve meclise telgraflar ya\u011fd\u0131r\u0131p, haks\u0131z ve su\u00e7suz oldu\u011fu i\u00e7in sal\u0131verilmesine \u00e7al\u0131\u015f\u0131lmas\u0131n\u0131, kayr\u0131lmas\u0131n\u0131 istemeyecek. Diyecek ki, \u201cben inan\u00e7 ve kanaatimin gere\u011fini yapt\u0131m. Araya giri\u015fimde ve eylemimde hakl\u0131y\u0131m. E\u011fer buraya haks\u0131z olarak gelmi\u015fsem, bu haks\u0131zl\u0131\u011f\u0131 ortaya koyan neden ve etkenleri d\u00fczeltmek de benim g\u00f6revimdir.<br>\u0130\u015fte benim anlad\u0131\u011f\u0131m T\u00fcrk Genci ve T\u00fcrk Gen\u00e7li\u011fi!<br>Bursa Nutku, Mustafa Kemal Atat\u00fcrk&#8217;\u00fcn, 5 \u015eubat 1933 g\u00fcn\u00fc Bursa&#8217;da yapt\u0131\u011f\u0131 nutuktur.<\/p>\n\n\n\n<p><\/p>\n\n\n\n<p><\/p>\n\n\n\n<h6 class=\"has-text-align-right wp-block-heading\"><strong><a href=\"https:\/\/atamder.org\/\">\u00d6NC<\/a><a href=\"https:\/\/atamder.org\/index.php\/ataturk\/\">EK<\/a><a href=\"https:\/\/atamder.org\/\">\u0130 SAYF<\/a><\/strong><a href=\"https:\/\/atamder.org\/\"><strong>A<\/strong><\/a><\/h6>\n","protected":false},"excerpt":{"rendered":"<p>Atat\u00fcrk&#8217;\u00fcn Bursa Nutku T\u00fcrk Genci,devrimlerin ve cumhuriyetin sahibi ve bek\u00e7isidir. Bunlar\u0131n gere\u011fine, do\u011frulu\u011funa herkesten \u00e7ok inanm\u0131\u015ft\u0131r. Y\u00f6netim bi\u00e7imini ve devrimleri benimsemi\u015ftir. Bunlar\u0131 g\u00fc\u00e7s\u00fcz d\u00fc\u015f\u00fcrecek en k\u00fc\u00e7\u00fck ya da en b\u00fcy\u00fck&hellip;<\/p>\n","protected":false},"author":2,"featured_media":0,"parent":0,"menu_order":0,"comment_status":"closed","ping_status":"closed","template":"","meta":{"footnotes":""},"_links":{"self":[{"href":"https:\/\/atamder.org\/index.php\/wp-json\/wp\/v2\/pages\/3025"}],"collection":[{"href":"https:\/\/atamder.org\/index.php\/wp-json\/wp\/v2\/pages"}],"about":[{"href":"https:\/\/atamder.org\/index.php\/wp-json\/wp\/v2\/types\/page"}],"author":[{"embeddable":true,"href":"https:\/\/atamder.org\/index.php\/wp-json\/wp\/v2\/users\/2"}],"replies":[{"embeddable":true,"href":"https:\/\/atamder.org\/index.php\/wp-json\/wp\/v2\/comments?post=3025"}],"version-history":[{"count":6,"href":"https:\/\/atamder.org\/index.php\/wp-json\/wp\/v2\/pages\/3025\/revisions"}],"predecessor-version":[{"id":4402,"href":"https:\/\/atamder.org\/index.php\/wp-json\/wp\/v2\/pages\/3025\/revisions\/4402"}],"wp:attachment":[{"href":"https:\/\/atamder.org\/index.php\/wp-json\/wp\/v2\/media?parent=3025"}],"curies":[{"name":"wp","href":"https:\/\/api.w.org\/{rel}","templated":true}]}}