{"id":2965,"date":"2020-09-08T04:52:31","date_gmt":"2020-09-08T01:52:31","guid":{"rendered":"http:\/\/atamder.org\/?page_id=2965"},"modified":"2020-09-30T23:04:35","modified_gmt":"2020-09-30T20:04:35","slug":"andimiz-2","status":"publish","type":"page","link":"https:\/\/atamder.org\/index.php\/andimiz-2\/","title":{"rendered":"ANDIMIZ"},"content":{"rendered":"\n<div class=\"wp-block-image\"><figure class=\"aligncenter\"><img decoding=\"async\" src=\"http:\/\/uctugmedya.com\/wp-content\/uploads\/2018\/10\/and%C4%B1m%C4%B1z.jpg\" alt=\"\"\/><\/figure><\/div>\n\n\n\n<p><\/p>\n\n\n\n<h6 class=\"wp-block-heading\"><strong>And\u0131m\u0131z&#8217;\u0131n 1933, 1972 ve 1997 y\u0131llar\u0131nda 3 farkl\u0131 metni bulunmaktad\u0131r. \u015eimdi bu 3 farkl\u0131 metni sizlere yazal\u0131m.<\/strong><\/h6>\n\n\n\n<p><\/p>\n\n\n\n<h6 class=\"wp-block-heading\"><strong>1933 Y\u0131l\u0131ndaki And\u0131m\u0131z Metni:<\/strong><\/h6>\n\n\n\n<div class=\"wp-block-group\"><div class=\"wp-block-group__inner-container is-layout-flow wp-block-group-is-layout-flow\">\n<p>T\u00fcrk\u00fcm, do\u011fruyum, \u00e7al\u0131\u015fkan\u0131m.<\/p>\n<\/div><\/div>\n\n\n\n<p>Yasam, k\u00fc\u00e7\u00fcklerimi korumak, b\u00fcy\u00fcklerimi saymak,<\/p>\n\n\n\n<p>yurdumu, budunumu \u00f6z\u00fcmden \u00e7ok sevmektir.<\/p>\n\n\n\n<p>\u00dclk\u00fcm, y\u00fckselmek, ileri gitmektir.<\/p>\n\n\n\n<p>Varl\u0131\u011f\u0131m T\u00fcrk varl\u0131\u011f\u0131na arma\u011fan olsun.<\/p>\n\n\n\n<h6 class=\"wp-block-heading\"><strong>1972 Y\u0131l\u0131ndaki And\u0131m\u0131z Metni:<\/strong><\/h6>\n\n\n\n<p>T\u00fcrk\u00fcm, do\u011fruyum, \u00e7al\u0131\u015fkan\u0131m. Yasam, k\u00fc\u00e7\u00fcklerimi korumak,<\/p>\n\n\n\n<p>b\u00fcy\u00fcklerimi saymak, yurdumu, milletimi \u00f6z\u00fcmden \u00e7ok sevmektir.<\/p>\n\n\n\n<p>\u00dclk\u00fcm y\u00fckselmek, ileri gitmektir.<\/p>\n\n\n\n<p>Varl\u0131\u011f\u0131m T\u00fcrk varl\u0131\u011f\u0131na arma\u011fan olsun.<\/p>\n\n\n\n<p>Ey bu g\u00fcn\u00fcm\u00fcz\u00fc sa\u011flayan, Ulu Atat\u00fcrk: a\u00e7t\u0131\u011f\u0131n yolda,<\/p>\n\n\n\n<p>kurdu\u011fun \u00fclk\u00fcde, g\u00f6sterdi\u011fin ama\u00e7ta hi\u00e7 durmadan y\u00fcr\u00fcyece\u011fime ant i\u00e7erim.<\/p>\n\n\n\n<p><strong>Ne mutlu T\u00fcrk\u00fcm diyene.<\/strong><\/p>\n\n\n\n<h6 class=\"wp-block-heading\"><strong>1997 Y\u0131l\u0131ndaki And\u0131m\u0131z Metni:<\/strong><\/h6>\n\n\n\n<p>T\u00fcrk\u00fcm, do\u011fruyum, \u00e7al\u0131\u015fkan\u0131m,<\/p>\n\n\n\n<p>\u0130lkem: k\u00fc\u00e7\u00fcklerimi korumak, b\u00fcy\u00fcklerimi saymak, yurdumu, milletimi \u00f6z\u00fcmden \u00e7ok sevmektir.<\/p>\n\n\n\n<p>\u00dclk\u00fcm: y\u00fckselmek, ileri gitmektir.<\/p>\n\n\n\n<p>Ey B\u00fcy\u00fck Atat\u00fcrk!<\/p>\n\n\n\n<p>A\u00e7t\u0131\u011f\u0131n yolda, g\u00f6sterdi\u011fin hedefe durmadan y\u00fcr\u00fcyece\u011fime ant i\u00e7erim.<\/p>\n\n\n\n<p>Varl\u0131\u011f\u0131m T\u00fcrk varl\u0131\u011f\u0131na arma\u011fan olsun.<\/p>\n\n\n\n<p><strong>Ne mutlu T\u00fcrk\u00fcm diyene!<\/strong><\/p>\n\n\n\n<h6 class=\"wp-block-heading\"><strong>T\u00dcRK VE ANDIMIZ \u00dcZER\u0130NE<\/strong><\/h6>\n\n\n\n<p><br>Dil ve tarih uzmanlar\u0131 T\u00fcrk s\u00f6zc\u00fc\u011f\u00fcn\u00fcn 4 temel anlam\u0131 \u00fczerinde durmaktad\u0131r. Bunlardan 1.\u2019si tarihi kaynaklarda ge\u00e7en \u201cYA\u011eIZ\u201d s\u00f6zc\u00fc\u011f\u00fcd\u00fcr. Anlam\u0131, yi\u011fit, doru ve kuvvetli anlam\u0131nda kullan\u0131lmaktad\u0131r. 2. anlam olarak \u0130ran ve arap kaynaklar\u0131nda T\u00fcrk s\u00f6z\u00fc \u201cG\u00fczel \u0130nsan\u201d kar\u015f\u0131l\u0131\u011f\u0131nda kullan\u0131l\u0131rken, XI. yy\u2019da Ka\u015fkarl\u0131 Mahmut \u201cT\u00fcrk ad\u0131n\u0131n T\u00fcrkler\u2019e Tanr\u0131 taraf\u0131ndan verildi\u011fini \u201dbelirterek, \u201cGen\u00e7lik,kuvvet,kudret ve olgunluk \u00e7a\u011f\u0131\u201d demek oldu\u011funu bir kez daha belirtmi\u015ftir. Tarihsel ba\u011flamda T\u00fcrk s\u00f6zc\u00fc\u011f\u00fcn\u00fcn 3. Anlam\u0131 1176 Miryokefalon Sava\u015f\u0131 sonras\u0131nda Bizans kaynaklar\u0131nda Turkhia (T\u00fcrkiye) yani, T\u00fcrklerin ya\u015fad\u0131\u011f\u0131 co\u011frafya anlam\u0131nda kullan\u0131lm\u0131\u015ft\u0131r. 4. anlam yine daha \u00e7ok Bizans ve Bat\u0131 kaynaklar\u0131na bakarak \u00f6\u011frendi\u011fimiz \u201cM\u00dcSL\u00dcMAN\u201d s\u00f6zc\u00fc\u011f\u00fcd\u00fcr. 1000 y\u0131ld\u0131r M\u00fcsl\u00fcmanl\u0131\u011f\u0131n bayraktarl\u0131\u011f\u0131n\u0131 yapan,bu u\u011furda nice canlar veren aziz T\u00fcrk milletinin bat\u0131 d\u00fcnyas\u0131 i\u00e7in birincil anlam\u0131 M\u00fcsl\u00fcman s\u00f6zc\u00fc\u011f\u00fcyle \u00f6zde\u015ftir. Bat\u0131 d\u00fcnyas\u0131n\u0131n zihnine bu, o kadar kaz\u0131nm\u0131\u015ft\u0131r ki, sonradan M\u00fcsl\u00fcman olan bir ki\u015fiye \u201cT\u00dcRK OLDU\u201d nitelemesinde bulunduklar\u0131 g\u00f6r\u00fcl\u00fcr. Hala da bu alg\u0131 de\u011fi\u015fmemi\u015ftir ve de\u011fi\u015fmeyecektir. Cumhuriyetimizin kurulu\u015f felsefesine imzas\u0131n\u0131 atan ve ilk sosyolo\u011fumuz Ziya G\u00d6KALP\u2019in T\u00dcRKLE\u015eMEK,\u0130SLAMLA\u015eMAK,MUASIRLA\u015eMAK olarak kavramsalla\u015ft\u0131rd\u0131\u011f\u0131 bu mefkure her zaman varl\u0131\u011f\u0131n\u0131 koruyacakt\u0131r.&nbsp;<br>\u201cT\u00dcRK\u201d s\u00f6zc\u00fc\u011f\u00fcn\u00fc dar manada anlayarak, bu s\u00f6zc\u00fc\u011fe \u0131rksal bir mana y\u00fcklemek, ya cahilliktir ya da hainlik. T\u00fcrk; Bosna\u2019da, Kosova\u2019da, Sincar\u2019da, Filistin\u2019de, Irak\u2019ta, Suriye\u2019de, Libya\u2019da, Afganistan\u2019da, Ar\u0131kan\u2019da, Tunus\u2019ta, Etiyopya\u2019da, Somali\u2019de, Cezayir\u2019de d\u00fcnyan\u0131n d\u00f6rt bir yan\u0131nda nerede bir mazlum varsa yard\u0131m\u0131na ko\u015fan bir milletin kutlu ad\u0131d\u0131r. Bu isimle ba\u015flayan bir and\u0131 okumak T\u00fcrk oldu\u011fumuzu onur ve gururla hayk\u0131rmak, T\u00fcm zalimlere, korku salmakt\u0131r.&nbsp;<br>Bu kutlu milletin i\u00e7inden \u00e7\u0131km\u0131\u015f bir Osmanl\u0131 subay\u0131 ve T\u00fcrkiye Cumhuriyeti Devletinin kurucusu olan e\u015fsiz kahraman Atat\u00fcrk\u2019\u00fcn g\u00f6sterdi\u011fi hedefe gitmek bizler i\u00e7in bir k\u0131van\u00e7 ve bir kurtulu\u015f re\u00e7etesidir. Atat\u00fcrk, \u201cHayatta En Hakiki M\u00fcr\u015fit \u0130limdir.\u201d s\u00f6z\u00fcyle bizlere bilimi ve fenni i\u015faret etmi\u015ftir. Bu s\u00f6z\u00fcn anlam\u0131 i\u00e7erisinde bulundu\u011fumuz g\u00fcnlerde daha iyi anla\u015f\u0131lmaktad\u0131r. Bu nedenle \u201cEy B\u00fcy\u00fck Atat\u00fcrk ! a\u00e7t\u0131\u011f\u0131n yolda, g\u00f6sterdi\u011fin hedefe durmadan y\u00fcr\u00fcyece\u011fime ant i\u00e7erim.\u201d Bu ant ile varl\u0131\u011f\u0131m\u0131z\u0131 T\u00fcrk Milletine adamam\u0131z\u0131n neresi k\u00f6t\u00fc olabilir\u2026? Bu vesileyle t\u00fcm hastal\u0131kl\u0131 fikirlere, b\u00f6l\u00fcc\u00fclere, hainlere seslenerek&nbsp;<br>Varl\u0131\u011f\u0131m T\u00fcrk varl\u0131\u011f\u0131na arma\u011fan olsun.<\/p>\n\n\n\n<h5 class=\"wp-block-heading\"><strong>Ne mutlu T\u00fcrk\u00fcm diyene!<\/strong><\/h5>\n\n\n\n<p><\/p>\n\n\n\n<h6 class=\"has-text-align-right wp-block-heading\"><a href=\"https:\/\/atamder.org\/index.php\/ataturk\/\"><strong>\u00d6NCEK\u0130 SAYFA<\/strong><\/a><\/h6>\n","protected":false},"excerpt":{"rendered":"<p>And\u0131m\u0131z&#8217;\u0131n 1933, 1972 ve 1997 y\u0131llar\u0131nda 3 farkl\u0131 metni bulunmaktad\u0131r. \u015eimdi bu 3 farkl\u0131 metni sizlere yazal\u0131m. 1933 Y\u0131l\u0131ndaki And\u0131m\u0131z Metni: T\u00fcrk\u00fcm, do\u011fruyum, \u00e7al\u0131\u015fkan\u0131m. Yasam, k\u00fc\u00e7\u00fcklerimi korumak, b\u00fcy\u00fcklerimi saymak, yurdumu,&hellip;<\/p>\n","protected":false},"author":2,"featured_media":0,"parent":0,"menu_order":0,"comment_status":"closed","ping_status":"closed","template":"","meta":{"footnotes":""},"_links":{"self":[{"href":"https:\/\/atamder.org\/index.php\/wp-json\/wp\/v2\/pages\/2965"}],"collection":[{"href":"https:\/\/atamder.org\/index.php\/wp-json\/wp\/v2\/pages"}],"about":[{"href":"https:\/\/atamder.org\/index.php\/wp-json\/wp\/v2\/types\/page"}],"author":[{"embeddable":true,"href":"https:\/\/atamder.org\/index.php\/wp-json\/wp\/v2\/users\/2"}],"replies":[{"embeddable":true,"href":"https:\/\/atamder.org\/index.php\/wp-json\/wp\/v2\/comments?post=2965"}],"version-history":[{"count":9,"href":"https:\/\/atamder.org\/index.php\/wp-json\/wp\/v2\/pages\/2965\/revisions"}],"predecessor-version":[{"id":4401,"href":"https:\/\/atamder.org\/index.php\/wp-json\/wp\/v2\/pages\/2965\/revisions\/4401"}],"wp:attachment":[{"href":"https:\/\/atamder.org\/index.php\/wp-json\/wp\/v2\/media?parent=2965"}],"curies":[{"name":"wp","href":"https:\/\/api.w.org\/{rel}","templated":true}]}}