{"id":2817,"date":"2020-09-08T04:31:38","date_gmt":"2020-09-08T01:31:38","guid":{"rendered":"http:\/\/atamder.org\/?page_id=2817"},"modified":"2021-01-28T22:35:02","modified_gmt":"2021-01-28T19:35:02","slug":"ozbekistan-bayragi","status":"publish","type":"page","link":"https:\/\/atamder.org\/index.php\/ozbekistan-bayragi\/","title":{"rendered":"\u00d6ZBEK\u0130STAN BAYRA\u011eI"},"content":{"rendered":"\n<figure class=\"wp-block-image size-large\"><img loading=\"lazy\" decoding=\"async\" width=\"300\" height=\"200\" src=\"http:\/\/atamder.org\/wp-content\/uploads\/2021\/01\/OZBEKISTAN.jpg\" alt=\"\" class=\"wp-image-4750\" srcset=\"https:\/\/atamder.org\/wp-content\/uploads\/2021\/01\/OZBEKISTAN.jpg 300w, https:\/\/atamder.org\/wp-content\/uploads\/2021\/01\/OZBEKISTAN-140x93.jpg 140w, https:\/\/atamder.org\/wp-content\/uploads\/2021\/01\/OZBEKISTAN-272x182.jpg 272w\" sizes=\"(max-width: 300px) 100vw, 300px\" \/><\/figure>\n\n\n\n<p><\/p>\n\n\n\n<p><strong>\u00d6zbekistan Bayra\u011f\u0131n\u0131n Anlam\u0131<\/strong>\u00a0<\/p>\n\n\n\n<p>7 ba\u011f\u0131ms\u0131z T\u00fcrk cumhuriyeti aras\u0131nda yer alan \u00d6zbekistan\u2019da kullan\u0131lan resmi bayrakt\u0131r. 1990 y\u0131l\u0131nda kabul edilen ve o tarihten itibaren de kullan\u0131lmaya devam eden bu bayrak, di\u011fer T\u00fcrk devletlerinde oldu\u011fu gibi \u00fclke i\u00e7erisinde b\u00fcy\u00fck bir \u00f6neme sahiptir. \u00d6zbekistan\u2019\u0131n ba\u011f\u0131ms\u0131zl\u0131\u011f\u0131n\u0131 ilan etmesiyle birlikte tasarlanan ve kullan\u0131lan&nbsp;<strong>\u00d6zbekistan bayra\u011f\u0131<\/strong>&nbsp;anayasa ile koruma alt\u0131na al\u0131nm\u0131\u015ft\u0131r. \u00dclkenin ba\u011f\u0131ms\u0131zl\u0131\u011f\u0131n\u0131n ve g\u00fcc\u00fcn\u00fcn bir sembol\u00fc olarak bayrak ba\u015fta resm\u00ee t\u00f6renler ve devlet daireleri olmak \u00fczere farkl\u0131 pek \u00e7ok alanda dalgalanmaktad\u0131r.<\/p>\n\n\n\n<h2 class=\"wp-block-heading\"><strong>\u00d6zbekistan Bayra\u011f\u0131 Anlam\u0131<\/strong><\/h2>\n\n\n\n<p>Devletlerin bayraklar\u0131nda yer alan resimler ve fig\u00fcrler, ulus i\u00e7in \u00f6nem arz eden konulara de\u011finmektedir. T\u00fcm devletler kendi bayra\u011f\u0131n\u0131 tasarlarken, ge\u00e7mi\u015ften ve bug\u00fcnden esinlenerek hareket ederler.\u00a0<\/p>\n\n\n\n<p><strong>\u00d6zbekistan bayra\u011f\u0131\u00a0<\/strong>i\u00e7in de durum b\u00f6yledir. Bayrak 4 farkl\u0131 renkten olu\u015fmaktad\u0131r. En \u00fcstte turkuaz a\u00e7\u0131k mavi yatay \u015ferit bulunmaktad\u0131r. Bu renk, T\u00fcrk devletlerinde hem eskiden ve hem de g\u00fcn\u00fcm\u00fczde s\u0131kl\u0131kla kullan\u0131lan bir renktir. Bir yandan T\u00fcrkl\u00fc\u011f\u00fc, di\u011fer yandan ise ya\u015fam\u0131 temsil etmektedir. Mavi rengin alt\u0131nda orta k\u0131s\u0131mda yine yatay olarak uzanan beyaz bir \u015ferit daha vard\u0131r. Beyaz renk ise \u00fclke insan\u0131n\u0131n safl\u0131\u011f\u0131n\u0131 ve bar\u0131\u015f\u0131 ifade etmektedir. \u00d6zbekistan tarafs\u0131z devletler aras\u0131nda yer almamakla birlikte, \u00fclkeyi gerilime sokacak her t\u00fcrl\u00fc davran\u0131\u015ftan uzak duran bir uluslararas\u0131 politika izlemektedir.\u00a0<\/p>\n\n\n\n<p><strong>\u00d6zbekistan bayra\u011f\u0131<\/strong>\u00a0\u00fczerinde yer alan bir di\u011fer renk ise ye\u015fildir. Ye\u015fil renk, bayra\u011f\u0131n alt k\u0131sm\u0131nda yatay bir \u015ferit \u015feklinde bulunmaktad\u0131r. Bu rengin kullan\u0131m anlamlar\u0131 olduk\u00e7a farkl\u0131d\u0131r. Ye\u015fil renk \u00fclkenin do\u011fal g\u00fczelli\u011fini ve zenginli\u011fini vurgulamaktad\u0131r. Bayrak yer alan sonuncu renk ise k\u0131rm\u0131z\u0131d\u0131r. Ortada bulunan beyaz \u015feridin \u00fcst\u00fcnde ve alt\u0131nda ince \u00e7izgiler halinde yer alan bu k\u0131rm\u0131z\u0131 renkler ise ya\u015fam\u0131 temsil etmektedir.\u00a0<\/p>\n\n\n\n<p><strong>\u00d6zbekistan bayra\u011f\u0131<\/strong>\u00a0\u00fczerinde ayr\u0131ca mavi \u015feritte ay ve a\u015fa\u011f\u0131dan yukar\u0131ya artar bi\u00e7imde 12 tane y\u0131ld\u0131z vard\u0131r. Burada hilal \u0130slam\u2019\u0131 and\u0131rmaktad\u0131r. Y\u0131ld\u0131zlar\u0131n giderek artmas\u0131 ise \u00fclkenin s\u00fcrekli y\u00fckseli\u015fine i\u015faret etmektedir. Ayr\u0131ca y\u0131ld\u0131zlar\u0131n say\u0131s\u0131n\u0131n 12 olmas\u0131, kimilerine g\u00f6re \u00fclkenin 12 eyaletine; kimilerine g\u00f6re de 12 hayvanl\u0131 T\u00fcrk takvimine bir g\u00f6ndermedir.<\/p>\n\n\n\n<p><\/p>\n\n\n\n<p class=\"has-text-align-right\"><strong><a href=\"https:\/\/atamder.org\/index.php\/ozbekistan\/\">\u00d6NCEK\u0130 SAYFA<\/a><\/strong><\/p>\n","protected":false},"excerpt":{"rendered":"<p>\u00d6zbekistan Bayra\u011f\u0131n\u0131n Anlam\u0131\u00a0 7 ba\u011f\u0131ms\u0131z T\u00fcrk cumhuriyeti aras\u0131nda yer alan \u00d6zbekistan\u2019da kullan\u0131lan resmi bayrakt\u0131r. 1990 y\u0131l\u0131nda kabul edilen ve o tarihten itibaren de kullan\u0131lmaya devam eden bu bayrak, di\u011fer T\u00fcrk&hellip;<\/p>\n","protected":false},"author":2,"featured_media":0,"parent":0,"menu_order":0,"comment_status":"closed","ping_status":"closed","template":"","meta":{"footnotes":""},"_links":{"self":[{"href":"https:\/\/atamder.org\/index.php\/wp-json\/wp\/v2\/pages\/2817"}],"collection":[{"href":"https:\/\/atamder.org\/index.php\/wp-json\/wp\/v2\/pages"}],"about":[{"href":"https:\/\/atamder.org\/index.php\/wp-json\/wp\/v2\/types\/page"}],"author":[{"embeddable":true,"href":"https:\/\/atamder.org\/index.php\/wp-json\/wp\/v2\/users\/2"}],"replies":[{"embeddable":true,"href":"https:\/\/atamder.org\/index.php\/wp-json\/wp\/v2\/comments?post=2817"}],"version-history":[{"count":2,"href":"https:\/\/atamder.org\/index.php\/wp-json\/wp\/v2\/pages\/2817\/revisions"}],"predecessor-version":[{"id":4751,"href":"https:\/\/atamder.org\/index.php\/wp-json\/wp\/v2\/pages\/2817\/revisions\/4751"}],"wp:attachment":[{"href":"https:\/\/atamder.org\/index.php\/wp-json\/wp\/v2\/media?parent=2817"}],"curies":[{"name":"wp","href":"https:\/\/api.w.org\/{rel}","templated":true}]}}