{"id":2811,"date":"2020-09-08T04:31:35","date_gmt":"2020-09-08T01:31:35","guid":{"rendered":"http:\/\/atamder.org\/?page_id=2811"},"modified":"2021-01-28T21:30:16","modified_gmt":"2021-01-28T18:30:16","slug":"kktc-bayragi","status":"publish","type":"page","link":"https:\/\/atamder.org\/index.php\/kktc-bayragi\/","title":{"rendered":"KKTC BAYRA\u011eI"},"content":{"rendered":"\n<figure class=\"wp-block-image size-large\"><img loading=\"lazy\" decoding=\"async\" width=\"300\" height=\"150\" src=\"http:\/\/atamder.org\/wp-content\/uploads\/2021\/01\/KKTC-1.jpg\" alt=\"\" class=\"wp-image-4721\" srcset=\"https:\/\/atamder.org\/wp-content\/uploads\/2021\/01\/KKTC-1.jpg 300w, https:\/\/atamder.org\/wp-content\/uploads\/2021\/01\/KKTC-1-140x70.jpg 140w\" sizes=\"(max-width: 300px) 100vw, 300px\" \/><\/figure>\n\n\n\n<p><\/p>\n\n\n\n<h5 class=\"wp-block-heading\"><strong><em>\u201cBayraktaki beyaz renk bar\u0131\u015f\u0131, k\u0131rm\u0131z\u0131 renk ise K\u0131br\u0131s T\u00fcrklerinin topraklar\u0131nda verdikleri m\u00fccadeleyi temsil ediyor. bayra\u011f\u0131n k\u0131rm\u0131z\u0131 beyaz renklerde olmas\u0131 bir yandan da T\u00fcrkiye Cumhuriyeti\u2019nin resmi bayra\u011f\u0131na bir selamd\u0131r. bayra\u011f\u0131n alt ve \u00fcst k\u0131s\u0131mlar\u0131nda bulunan \u00e7izgiler ise bu toplumun bu topraklarda sonsuza dek ya\u015fayaca\u011f\u0131 mesaj\u0131n\u0131 ta\u015f\u0131yor.\u201d<\/em>\u00a0<\/strong><\/h5>\n\n\n\n<p>1960&#8217;ta ada sakinleri taraf\u0131nda K\u0131br\u0131s Cumhuriyeti kuruldu ve her iki tarafa da e\u015fit miktarda mecliste yerlerini alm\u0131\u015f ve yeterli temsil haklar\u0131na sahiplerdi. fakat o zaman\u0131n Cumhurba\u015fkan\u0131 III. Makarios 30 kas\u0131m 1963\u2019te 13 maddeden olu\u015fan anayasa de\u011fi\u015fikli\u011fi \u00f6nerilerini sundu. bu maddeler aras\u0131nda anayasan\u0131n de\u011fi\u015fmez maddeleri, K\u0131br\u0131s T\u00fcrk&#8217;\u00fc olan ba\u015fkan yard\u0131mc\u0131s\u0131n\u0131n veto hakk\u0131n\u0131n ortadan kald\u0131r\u0131lmas\u0131, temsilciler meclisinde ayr\u0131 \u00e7o\u011funluklar ilkesinin ortadan kald\u0131r\u0131larak kararlar\u0131n basit \u00e7o\u011funlukla al\u0131nmas\u0131, ayr\u0131 belediyelerin ortadan kald\u0131r\u0131lmas\u0131 gibi maddeler de bulunmaktayd\u0131.<\/p>\n\n\n\n<p>T\u00fcrkiye&#8217;nin ve K\u0131br\u0131s T\u00fcrklerinin uyar\u0131lar\u0131na hatta maddeleri reddine kar\u015f\u0131n 1963\u2019te K\u0131br\u0131s T\u00fcrklerine kar\u015f\u0131 ada \u00e7ap\u0131nda katliam ba\u015flatt\u0131. B\u00fct\u00fcn ara buluculuk \u00e7al\u0131\u015fmalar\u0131 bo\u015fa gitmesi ve Yunanistan&#8217;\u0131n kendine m\u00fcnhas\u0131r hareketlerinden dolay\u0131 T\u00fcrkiye Cumhuriyeti \u00a0Z\u00fcrih ve Londra antla\u015fmas\u0131&#8217;n\u0131n IV. maddesine istinaden ger\u00e7ekle\u015ftirdi\u011fini savunarak 20 temmuz 1974 tarihinde K\u0131br\u0131s&#8217;a karadan ve havadan harek\u00e2t ba\u015flatt\u0131. san\u0131r\u0131m herkes buraya kadar biliyordur.<\/p>\n\n\n\n<p>Daha sonra kar\u015f\u0131l\u0131kl\u0131 g\u00f6\u00e7ler ve T\u00fcrkiye&#8217;den adaya g\u00f6\u00e7en aileler sonucu 1976&#8217;da K\u0131br\u0131s T\u00fcrk federe devleti kurulmu\u015ftur. 15 kas\u0131m 1983&#8217;te K\u0131br\u0131s T\u00fcrk federe devleti meclisi\u00a0self-determinasyon\u00a0(kendi kaderini t\u00e2yin hakk\u0131) hakk\u0131n\u0131 kullanarak oybirli\u011fi ile ald\u0131\u011f\u0131 bir kararla, Kuzey K\u0131br\u0131s T\u00fcrk Cumhuriyeti&#8217;ni ilan etmi\u015ftir.<\/p>\n\n\n\n<p>Bunun \u00fczerine meclis bir karar alarak yeni bir bayrak aray\u0131\u015f\u0131na girmi\u015f ve 23 kas\u0131m 1983 tarihinde\u00a0bozkurt gazetesi\u00a0arac\u0131l\u0131\u011f\u0131yla bir yar\u0131\u015fma ba\u015flatm\u0131\u015flard\u0131r:<\/p>\n\n\n\n<p>Sonu\u00e7; bir ressam olan\u00a0Emin \u00c7izenel&#8217;in bayrak tasar\u0131m\u0131 kabul edilmi\u015ftir.<\/p>\n\n\n\n<p>Bayrak tasar\u0131m\u0131yla ilgili ortada bir \u00f6d\u00fcl olmamas\u0131na ra\u011fmen bakanlar kurulunun verdi\u011fi \u00f6nerge gere\u011fi KKTC resmi mar\u015f yar\u0131\u015fmas\u0131 i\u00e7in verilen 100 bin liral\u0131k \u00f6d\u00fcl\u00fcn ayn\u0131s\u0131n\u0131n Emin \u00c7izenel&#8217;e de verilmesi karar\u0131 al\u0131nm\u0131\u015ft\u0131r:<\/p>\n\n\n\n<p><\/p>\n\n\n\n<figure class=\"wp-block-image size-large\"><img loading=\"lazy\" decoding=\"async\" width=\"300\" height=\"405\" src=\"http:\/\/atamder.org\/wp-content\/uploads\/2021\/01\/KKTC-2.jpg\" alt=\"\" class=\"wp-image-4722\" srcset=\"https:\/\/atamder.org\/wp-content\/uploads\/2021\/01\/KKTC-2.jpg 300w, https:\/\/atamder.org\/wp-content\/uploads\/2021\/01\/KKTC-2-222x300.jpg 222w, https:\/\/atamder.org\/wp-content\/uploads\/2021\/01\/KKTC-2-140x189.jpg 140w\" sizes=\"(max-width: 300px) 100vw, 300px\" \/><\/figure>\n\n\n\n<figure class=\"wp-block-image size-large\"><img loading=\"lazy\" decoding=\"async\" width=\"300\" height=\"430\" src=\"http:\/\/atamder.org\/wp-content\/uploads\/2021\/01\/KKTC-3.jpg\" alt=\"\" class=\"wp-image-4723\" srcset=\"https:\/\/atamder.org\/wp-content\/uploads\/2021\/01\/KKTC-3.jpg 300w, https:\/\/atamder.org\/wp-content\/uploads\/2021\/01\/KKTC-3-209x300.jpg 209w, https:\/\/atamder.org\/wp-content\/uploads\/2021\/01\/KKTC-3-140x201.jpg 140w\" sizes=\"(max-width: 300px) 100vw, 300px\" \/><\/figure>\n\n\n\n<figure class=\"wp-block-image size-large\"><img loading=\"lazy\" decoding=\"async\" width=\"300\" height=\"448\" src=\"http:\/\/atamder.org\/wp-content\/uploads\/2021\/01\/KKTC-4.jpg\" alt=\"\" class=\"wp-image-4724\" srcset=\"https:\/\/atamder.org\/wp-content\/uploads\/2021\/01\/KKTC-4.jpg 300w, https:\/\/atamder.org\/wp-content\/uploads\/2021\/01\/KKTC-4-201x300.jpg 201w, https:\/\/atamder.org\/wp-content\/uploads\/2021\/01\/KKTC-4-140x209.jpg 140w\" sizes=\"(max-width: 300px) 100vw, 300px\" \/><\/figure>\n\n\n\n<p><\/p>\n\n\n\n<p><\/p>\n\n\n\n<p class=\"has-text-align-right\"><strong><a href=\"https:\/\/atamder.org\/index.php\/kktc\/\">\u00d6NCEK\u0130 SAYFA<\/a><\/strong><\/p>\n","protected":false},"excerpt":{"rendered":"<p>\u201cBayraktaki beyaz renk bar\u0131\u015f\u0131, k\u0131rm\u0131z\u0131 renk ise K\u0131br\u0131s T\u00fcrklerinin topraklar\u0131nda verdikleri m\u00fccadeleyi temsil ediyor. bayra\u011f\u0131n k\u0131rm\u0131z\u0131 beyaz renklerde olmas\u0131 bir yandan da T\u00fcrkiye Cumhuriyeti\u2019nin resmi bayra\u011f\u0131na bir selamd\u0131r. bayra\u011f\u0131n alt&hellip;<\/p>\n","protected":false},"author":1,"featured_media":0,"parent":0,"menu_order":0,"comment_status":"closed","ping_status":"closed","template":"","meta":{"footnotes":""},"_links":{"self":[{"href":"https:\/\/atamder.org\/index.php\/wp-json\/wp\/v2\/pages\/2811"}],"collection":[{"href":"https:\/\/atamder.org\/index.php\/wp-json\/wp\/v2\/pages"}],"about":[{"href":"https:\/\/atamder.org\/index.php\/wp-json\/wp\/v2\/types\/page"}],"author":[{"embeddable":true,"href":"https:\/\/atamder.org\/index.php\/wp-json\/wp\/v2\/users\/1"}],"replies":[{"embeddable":true,"href":"https:\/\/atamder.org\/index.php\/wp-json\/wp\/v2\/comments?post=2811"}],"version-history":[{"count":2,"href":"https:\/\/atamder.org\/index.php\/wp-json\/wp\/v2\/pages\/2811\/revisions"}],"predecessor-version":[{"id":4725,"href":"https:\/\/atamder.org\/index.php\/wp-json\/wp\/v2\/pages\/2811\/revisions\/4725"}],"wp:attachment":[{"href":"https:\/\/atamder.org\/index.php\/wp-json\/wp\/v2\/media?parent=2811"}],"curies":[{"name":"wp","href":"https:\/\/api.w.org\/{rel}","templated":true}]}}