{"id":2518,"date":"2020-09-08T03:45:13","date_gmt":"2020-09-08T00:45:13","guid":{"rendered":"http:\/\/atamder.org\/?page_id=2518"},"modified":"2020-12-08T02:24:44","modified_gmt":"2020-12-07T23:24:44","slug":"baskanin-mesaji-3","status":"publish","type":"page","link":"https:\/\/atamder.org\/index.php\/baskanin-mesaji-3\/","title":{"rendered":"BA\u015eKANIN MESAJI"},"content":{"rendered":"\n<figure class=\"wp-block-image size-large is-resized\"><img loading=\"lazy\" decoding=\"async\" src=\"https:\/\/atamder.org\/wp-content\/uploads\/2020\/09\/WhatsApp-Image-2020-09-12-at-00.14.02.jpeg\" alt=\"\" class=\"wp-image-3725\" width=\"288\" height=\"294\"\/><\/figure>\n\n\n\n<p><\/p>\n\n\n\n<h6 class=\"wp-block-heading\"><em>Biz T\u00fcrklerin, tarih boyunca, k\u0131talara hakimiyeti malumdur; fakat bu kudretin d\u00fcnyadaki manev\u00ee ve mefk\u00fbrev\u00ee sonu\u00e7lar\u0131 hakk\u0131nda gerekti\u011fi gibi a\u00e7\u0131klamal\u0131 payla\u015f\u0131mlar yap\u0131lmam\u0131\u015f ve bilgilendirilmemi\u015ftir. Bu durum T\u00fcrk Milletinin tarihini ve medeniyetini anlamas\u0131nda zorluk \u00e7\u0131karmakla kalmam\u0131\u015f,  M\u00fcsl\u00fcman, Hristiyan ve hatta Yahudi d\u00fcnyalar\u0131n\u0131n geli\u015fimini anlamakta zorlanmas\u0131na sebep olmu\u015ftur. ATAMDER ailesi  T\u00fcrkiye ve Avrasya&#8217;da toplant\u0131lar \/ Seminerler d\u00fczenleyerek bilgilendirmek i\u00e7in var olacakt\u0131r.<\/em><\/h6>\n\n\n\n<h6 class=\"wp-block-heading\"><em>Avrasya ve T\u00fcrk D\u00fcnya dillerinin ortak bir \u00e7at\u0131 alt\u0131nda toplanmas\u0131 i\u00e7in m\u00fccadele verildi\u011fini ve bunun sonucu olarak ta, Milli, dini ve insani ideallere ba\u011fl\u0131 bir milletin, as\u0131rlarca, nas\u0131l bir Cihan hakimiyeti mefkuresine eri\u015ferek y\u00fckseldi\u011fini, \u201cNizam-\u0131 \u00e2lem\u201d d\u00e2v\u00e2s\u0131 ile ba\u015fka milletlere ne derece adalet ve nizam getirdi\u011fimizi anlatmak i\u00e7in t\u00fcm g\u00fcc\u00fcm\u00fczle \u00e7al\u0131\u015faca\u011f\u0131z.<\/em><\/h6>\n\n\n\n<h6 class=\"wp-block-heading\"><em>Sosyal politikalar, \u00e7evre, tar\u0131m, enerji, b\u00f6lgesel geli\u015fme, ticari ili\u015fkiler gibi alanlarda \u00f6neriler getirmek i\u00e7in hep birlikte m\u00fccadele etmemiz gerekti\u011fini kutlu bir dava olarak g\u00f6rmeliyiz. Belli bir \u00fclke, b\u00f6lge veya sekt\u00f6r\u00fcn de\u011fil genel olarak t\u00fcm d\u00fcnyadaki T\u00fcrk halklar\u0131n\u0131n \u00e7\u0131karlar\u0131n\u0131 korumak amac\u0131yla; T\u00fcrk halklar\u0131n\u0131 karanl\u0131ktan ayd\u0131nl\u0131\u011fa \u00e7\u0131kar\u0131p \u00f6nlerini a\u00e7arak milletle\u015fme s\u00fcrecine sokmak i\u00e7in u\u011fra\u015fan Gasp\u0131ral\u0131\u2019n\u0131n \u201c Dilde, fikirde, i\u015fte birlik\u201d s\u00f6z\u00fcn\u00fc ilke edinerek hareket edece\u011fiz.<\/em><\/h6>\n\n\n\n<p><\/p>\n\n\n\n<h6 class=\"has-text-align-right wp-block-heading\"><strong>SAYGILARIMLA,<\/strong><\/h6>\n\n\n\n<h6 class=\"has-text-align-right wp-block-heading\"><strong><em>G\u00fcrkan KALKAN<\/em><\/strong><\/h6>\n\n\n\n<h6 class=\"has-text-align-right wp-block-heading\"><strong>Y\u00d6NET\u0130M KURULU BA\u015eKANI<\/strong><\/h6>\n\n\n\n<p><\/p>\n\n\n\n<p><\/p>\n\n\n\n<p><\/p>\n\n\n\n<p><\/p>\n\n\n\n<h5 class=\"has-text-align-right wp-block-heading\"><a href=\"https:\/\/atamder.org\/index.php\/hakkimizda-2\/\">\u00d6NCEK\u0130 SAYFA<\/a><\/h5>\n","protected":false},"excerpt":{"rendered":"<p>Biz T\u00fcrklerin, tarih boyunca, k\u0131talara hakimiyeti malumdur; fakat bu kudretin d\u00fcnyadaki manev\u00ee ve mefk\u00fbrev\u00ee sonu\u00e7lar\u0131 hakk\u0131nda gerekti\u011fi gibi a\u00e7\u0131klamal\u0131 payla\u015f\u0131mlar yap\u0131lmam\u0131\u015f ve bilgilendirilmemi\u015ftir. Bu durum T\u00fcrk Milletinin tarihini ve medeniyetini&hellip;<\/p>\n","protected":false},"author":1,"featured_media":0,"parent":0,"menu_order":0,"comment_status":"closed","ping_status":"closed","template":"","meta":{"footnotes":""},"_links":{"self":[{"href":"https:\/\/atamder.org\/index.php\/wp-json\/wp\/v2\/pages\/2518"}],"collection":[{"href":"https:\/\/atamder.org\/index.php\/wp-json\/wp\/v2\/pages"}],"about":[{"href":"https:\/\/atamder.org\/index.php\/wp-json\/wp\/v2\/types\/page"}],"author":[{"embeddable":true,"href":"https:\/\/atamder.org\/index.php\/wp-json\/wp\/v2\/users\/1"}],"replies":[{"embeddable":true,"href":"https:\/\/atamder.org\/index.php\/wp-json\/wp\/v2\/comments?post=2518"}],"version-history":[{"count":17,"href":"https:\/\/atamder.org\/index.php\/wp-json\/wp\/v2\/pages\/2518\/revisions"}],"predecessor-version":[{"id":4406,"href":"https:\/\/atamder.org\/index.php\/wp-json\/wp\/v2\/pages\/2518\/revisions\/4406"}],"wp:attachment":[{"href":"https:\/\/atamder.org\/index.php\/wp-json\/wp\/v2\/media?parent=2518"}],"curies":[{"name":"wp","href":"https:\/\/api.w.org\/{rel}","templated":true}]}}